{"id":26,"date":"2019-10-28T20:51:55","date_gmt":"2019-10-28T20:51:55","guid":{"rendered":"https:\/\/www.ggs-walheim.de\/?page_id=26"},"modified":"2025-11-08T13:27:30","modified_gmt":"2025-11-08T12:27:30","slug":"der-foerderverein","status":"publish","type":"page","link":"https:\/\/www.ggs-walheim.de\/index.php\/der-foerderverein\/","title":{"rendered":"Der F\u00f6rderverein"},"content":{"rendered":"\n<div class=\"wp-block-columns is-layout-flex wp-container-core-columns-is-layout-9d6595d7 wp-block-columns-is-layout-flex\">\n<div class=\"wp-block-column is-layout-flow wp-block-column-is-layout-flow\" style=\"flex-basis:100%\">\n<p>Der <strong>Verein der Freunde und F\u00f6rderer der Gemeinschaftsgrundschule Walheim e.V.<\/strong> unterst\u00fctzt die Gemeinschaftsgrundschule Walheim seit 1991 in ihrer Bildungsarbeit. Schwerpunkte hierbei sind bzw. waren:<\/p>\n\n\n\n<div class=\"wp-block-columns is-layout-flex wp-container-core-columns-is-layout-9d6595d7 wp-block-columns-is-layout-flex\">\n<div class=\"wp-block-column is-layout-flow wp-block-column-is-layout-flow\" style=\"flex-basis:66.66%\">\n<ul class=\"wp-block-list\">\n<li>Beschaffung ben\u00f6tigter Lehr- und Lernmittel<\/li>\n\n\n\n<li>Gewaltpr\u00e4vention<\/li>\n\n\n\n<li>Schulgarten<\/li>\n\n\n\n<li>Projektwoche<\/li>\n\n\n\n<li>Ausfl\u00fcge und Exkursionen, insbesondere f\u00fcr Kinder in einem schw\u00e4cheren sozialen Umfeld<\/li>\n\n\n\n<li>Gestaltung des Schulhofes<\/li>\n\n\n\n<li>Kletterger\u00fcst<\/li>\n\n\n\n<li>Tischtennisplatte<\/li>\n\n\n\n<li>Kletterwand<\/li>\n\n\n\n<li>Rutsche<\/li>\n\n\n\n<li>Technik (Beschallungsanlage, Projektionsleinwand, Beamer etc.)<\/li>\n\n\n\n<li>Angebote diverser AGs<\/li>\n<\/ul>\n<\/div>\n\n\n\n<div class=\"wp-block-column is-layout-flow wp-block-column-is-layout-flow\" style=\"flex-basis:33.33%\"><div class=\"wp-block-image\">\n<figure class=\"aligncenter size-full is-resized\"><img loading=\"lazy\" decoding=\"async\" width=\"500\" height=\"500\" src=\"https:\/\/www.ggs-walheim.de\/wp-content\/uploads\/2020\/10\/logo_foerderverein-e1602254391562.png\" alt=\"Logo Verein der Freunde und F\u00f6rderer der GGS Walheim e.V.\" class=\"wp-image-1066\" style=\"width:344px;height:auto\"\/><\/figure>\n<\/div><\/div>\n<\/div>\n<\/div>\n<\/div>\n\n\n\n<p>Um auch weiterhin sinnvoll und hilfreich f\u00fcr die Kinder der GGS Walheim arbeiten zu k\u00f6nnen, w\u00fcrden wir uns \u00fcber Ihre Unterst\u00fctzung freuen. Werden Sie Mitglied oder arbeiten sie aktiv mit, damit alle Kinder eine sch\u00f6ne und angenehme Schulzeit haben. Auch wenige Euros k\u00f6nnen gro\u00dfe Dinge bewirken.<\/p>\n\n\n\n<p class=\"has-vivid-cyan-blue-color has-text-color has-link-color has-medium-font-size wp-elements-8bb0f50e9b3019b920f100ae02bc76e6\"><a href=\"https:\/\/www.ggs-walheim.de\/wp-content\/uploads\/2024\/06\/Beitrittserklaerung.pdf\">Hier geht&#8217;s zur Anmeldung.<\/a><\/p>\n\n\n\n<p><strong>Der aktuelle Vorstand im Schuljahr 2025\/2026:<\/strong><br>Frank Velten (1. Vorsitzender)<br>Fran\u00e7ois Maton (2. Vorsitzender)<br>Anke Schmitz (Schatzmeisterin)<br>Angelika Thier (Schriftf\u00fchrerin)<\/p>\n\n\n\n<figure class=\"wp-block-image size-large is-resized\"><img loading=\"lazy\" decoding=\"async\" width=\"1440\" height=\"1080\" src=\"https:\/\/www.ggs-walheim.de\/wp-content\/uploads\/2025\/11\/IMG_8266-1440x1080.jpeg\" alt=\"\" class=\"wp-image-3031\" style=\"width:476px;height:357px\" srcset=\"https:\/\/www.ggs-walheim.de\/wp-content\/uploads\/2025\/11\/IMG_8266-1440x1080.jpeg 1440w, https:\/\/www.ggs-walheim.de\/wp-content\/uploads\/2025\/11\/IMG_8266-300x225.jpeg 300w, https:\/\/www.ggs-walheim.de\/wp-content\/uploads\/2025\/11\/IMG_8266-1536x1152.jpeg 1536w, https:\/\/www.ggs-walheim.de\/wp-content\/uploads\/2025\/11\/IMG_8266-800x600.jpeg 800w, https:\/\/www.ggs-walheim.de\/wp-content\/uploads\/2025\/11\/IMG_8266.jpeg 2016w\" sizes=\"auto, (max-width: 1440px) 100vw, 1440px\" \/><\/figure>\n\n\n\n<p class=\"has-vivid-cyan-blue-color has-text-color has-link-color has-medium-font-size wp-elements-e5f60d503fd760957ab787d5825b2087\"><a href=\"https:\/\/www.ggs-walheim.de\/wp-content\/uploads\/2019\/10\/fv-satzung.pdf\">Satzung<\/a><\/p>\n\n\n\n<p class=\"has-vivid-cyan-blue-color has-text-color has-link-color has-medium-font-size wp-elements-15ad16c84975137ab2e181a1606f2397\">Kontakt: <a href=\"mailto:foerderverein@ggs-walheim.de\">foerderverein@ggs-walheim.de<\/a><\/p>\n","protected":false},"excerpt":{"rendered":"<p>Der Verein der Freunde und F\u00f6rderer der Gemeinschaftsgrundschule Walheim e.V. unterst\u00fctzt die Gemeinschaftsgrundschule Walheim seit 1991 in ihrer Bildungsarbeit. Schwerpunkte hierbei sind bzw. waren: Um&hellip;<\/p>\n","protected":false},"author":1,"featured_media":0,"parent":0,"menu_order":0,"comment_status":"closed","ping_status":"closed","template":"","meta":{"ngg_post_thumbnail":0,"_FSMCFIC_featured_image_caption":"","_FSMCFIC_featured_image_nocaption":"","_FSMCFIC_featured_image_hide":"","footnotes":""},"class_list":["post-26","page","type-page","status-publish","hentry"],"yoast_head":"<!-- This site is optimized with the Yoast SEO plugin v27.5 - https:\/\/yoast.com\/product\/yoast-seo-wordpress\/ -->\n<title>Der F\u00f6rderverein - GGS Walheim<\/title>\n<meta name=\"robots\" content=\"index, follow, max-snippet:-1, max-image-preview:large, max-video-preview:-1\" \/>\n<link rel=\"canonical\" href=\"https:\/\/www.ggs-walheim.de\/index.php\/der-foerderverein\/\" \/>\n<meta property=\"og:locale\" content=\"de_DE\" \/>\n<meta property=\"og:type\" content=\"article\" \/>\n<meta property=\"og:title\" content=\"Der F\u00f6rderverein - GGS Walheim\" \/>\n<meta property=\"og:description\" content=\"Der Verein der Freunde und F\u00f6rderer der Gemeinschaftsgrundschule Walheim e.V. unterst\u00fctzt die Gemeinschaftsgrundschule Walheim seit 1991 in ihrer Bildungsarbeit. Schwerpunkte hierbei sind bzw. waren: Um&hellip;\" \/>\n<meta property=\"og:url\" content=\"https:\/\/www.ggs-walheim.de\/index.php\/der-foerderverein\/\" \/>\n<meta property=\"og:site_name\" content=\"GGS Walheim\" \/>\n<meta property=\"article:modified_time\" content=\"2025-11-08T12:27:30+00:00\" \/>\n<meta property=\"og:image\" content=\"https:\/\/www.ggs-walheim.de\/wp-content\/uploads\/2020\/10\/logo_foerderverein-e1602254391562.png\" \/>\n<meta name=\"twitter:card\" content=\"summary_large_image\" \/>\n<meta name=\"twitter:label1\" content=\"Gesch\u00e4tzte Lesezeit\" \/>\n\t<meta name=\"twitter:data1\" content=\"2\u00a0Minuten\" \/>\n<script type=\"application\/ld+json\" class=\"yoast-schema-graph\">{\"@context\":\"https:\\\/\\\/schema.org\",\"@graph\":[{\"@type\":\"WebPage\",\"@id\":\"https:\\\/\\\/www.ggs-walheim.de\\\/index.php\\\/der-foerderverein\\\/\",\"url\":\"https:\\\/\\\/www.ggs-walheim.de\\\/index.php\\\/der-foerderverein\\\/\",\"name\":\"Der F\u00f6rderverein - GGS Walheim\",\"isPartOf\":{\"@id\":\"https:\\\/\\\/www.ggs-walheim.de\\\/#website\"},\"primaryImageOfPage\":{\"@id\":\"https:\\\/\\\/www.ggs-walheim.de\\\/index.php\\\/der-foerderverein\\\/#primaryimage\"},\"image\":{\"@id\":\"https:\\\/\\\/www.ggs-walheim.de\\\/index.php\\\/der-foerderverein\\\/#primaryimage\"},\"thumbnailUrl\":\"https:\\\/\\\/www.ggs-walheim.de\\\/wp-content\\\/uploads\\\/2020\\\/10\\\/logo_foerderverein-e1602254391562.png\",\"datePublished\":\"2019-10-28T20:51:55+00:00\",\"dateModified\":\"2025-11-08T12:27:30+00:00\",\"breadcrumb\":{\"@id\":\"https:\\\/\\\/www.ggs-walheim.de\\\/index.php\\\/der-foerderverein\\\/#breadcrumb\"},\"inLanguage\":\"de\",\"potentialAction\":[{\"@type\":\"ReadAction\",\"target\":[\"https:\\\/\\\/www.ggs-walheim.de\\\/index.php\\\/der-foerderverein\\\/\"]}]},{\"@type\":\"ImageObject\",\"inLanguage\":\"de\",\"@id\":\"https:\\\/\\\/www.ggs-walheim.de\\\/index.php\\\/der-foerderverein\\\/#primaryimage\",\"url\":\"https:\\\/\\\/www.ggs-walheim.de\\\/wp-content\\\/uploads\\\/2020\\\/10\\\/logo_foerderverein-e1602254391562.png\",\"contentUrl\":\"https:\\\/\\\/www.ggs-walheim.de\\\/wp-content\\\/uploads\\\/2020\\\/10\\\/logo_foerderverein-e1602254391562.png\",\"width\":500,\"height\":500,\"caption\":\"Logo Verein der Freunde und F\u00f6rderer der GGS Walheim e.V.\"},{\"@type\":\"BreadcrumbList\",\"@id\":\"https:\\\/\\\/www.ggs-walheim.de\\\/index.php\\\/der-foerderverein\\\/#breadcrumb\",\"itemListElement\":[{\"@type\":\"ListItem\",\"position\":1,\"name\":\"Startseite\",\"item\":\"https:\\\/\\\/www.ggs-walheim.de\\\/\"},{\"@type\":\"ListItem\",\"position\":2,\"name\":\"Der F\u00f6rderverein\"}]},{\"@type\":\"WebSite\",\"@id\":\"https:\\\/\\\/www.ggs-walheim.de\\\/#website\",\"url\":\"https:\\\/\\\/www.ggs-walheim.de\\\/\",\"name\":\"GGS Walheim\",\"description\":\"Zu Hause im Aachener S\u00fcden\",\"publisher\":{\"@id\":\"https:\\\/\\\/www.ggs-walheim.de\\\/#organization\"},\"potentialAction\":[{\"@type\":\"SearchAction\",\"target\":{\"@type\":\"EntryPoint\",\"urlTemplate\":\"https:\\\/\\\/www.ggs-walheim.de\\\/?s={search_term_string}\"},\"query-input\":{\"@type\":\"PropertyValueSpecification\",\"valueRequired\":true,\"valueName\":\"search_term_string\"}}],\"inLanguage\":\"de\"},{\"@type\":\"Organization\",\"@id\":\"https:\\\/\\\/www.ggs-walheim.de\\\/#organization\",\"name\":\"St\u00e4dtische Gemeinschaftsgrundschule Walheim\",\"url\":\"https:\\\/\\\/www.ggs-walheim.de\\\/\",\"logo\":{\"@type\":\"ImageObject\",\"inLanguage\":\"de\",\"@id\":\"https:\\\/\\\/www.ggs-walheim.de\\\/#\\\/schema\\\/logo\\\/image\\\/\",\"url\":\"https:\\\/\\\/www.ggs-walheim.de\\\/wp-content\\\/uploads\\\/2020\\\/10\\\/logo-ggs.png\",\"contentUrl\":\"https:\\\/\\\/www.ggs-walheim.de\\\/wp-content\\\/uploads\\\/2020\\\/10\\\/logo-ggs.png\",\"width\":1363,\"height\":1363,\"caption\":\"St\u00e4dtische Gemeinschaftsgrundschule Walheim\"},\"image\":{\"@id\":\"https:\\\/\\\/www.ggs-walheim.de\\\/#\\\/schema\\\/logo\\\/image\\\/\"}}]}<\/script>\n<!-- \/ Yoast SEO plugin. -->","yoast_head_json":{"title":"Der F\u00f6rderverein - GGS Walheim","robots":{"index":"index","follow":"follow","max-snippet":"max-snippet:-1","max-image-preview":"max-image-preview:large","max-video-preview":"max-video-preview:-1"},"canonical":"https:\/\/www.ggs-walheim.de\/index.php\/der-foerderverein\/","og_locale":"de_DE","og_type":"article","og_title":"Der F\u00f6rderverein - GGS Walheim","og_description":"Der Verein der Freunde und F\u00f6rderer der Gemeinschaftsgrundschule Walheim e.V. unterst\u00fctzt die Gemeinschaftsgrundschule Walheim seit 1991 in ihrer Bildungsarbeit. Schwerpunkte hierbei sind bzw. waren: Um&hellip;","og_url":"https:\/\/www.ggs-walheim.de\/index.php\/der-foerderverein\/","og_site_name":"GGS Walheim","article_modified_time":"2025-11-08T12:27:30+00:00","og_image":[{"url":"https:\/\/www.ggs-walheim.de\/wp-content\/uploads\/2020\/10\/logo_foerderverein-e1602254391562.png","type":"","width":"","height":""}],"twitter_card":"summary_large_image","twitter_misc":{"Gesch\u00e4tzte Lesezeit":"2\u00a0Minuten"},"schema":{"@context":"https:\/\/schema.org","@graph":[{"@type":"WebPage","@id":"https:\/\/www.ggs-walheim.de\/index.php\/der-foerderverein\/","url":"https:\/\/www.ggs-walheim.de\/index.php\/der-foerderverein\/","name":"Der F\u00f6rderverein - GGS Walheim","isPartOf":{"@id":"https:\/\/www.ggs-walheim.de\/#website"},"primaryImageOfPage":{"@id":"https:\/\/www.ggs-walheim.de\/index.php\/der-foerderverein\/#primaryimage"},"image":{"@id":"https:\/\/www.ggs-walheim.de\/index.php\/der-foerderverein\/#primaryimage"},"thumbnailUrl":"https:\/\/www.ggs-walheim.de\/wp-content\/uploads\/2020\/10\/logo_foerderverein-e1602254391562.png","datePublished":"2019-10-28T20:51:55+00:00","dateModified":"2025-11-08T12:27:30+00:00","breadcrumb":{"@id":"https:\/\/www.ggs-walheim.de\/index.php\/der-foerderverein\/#breadcrumb"},"inLanguage":"de","potentialAction":[{"@type":"ReadAction","target":["https:\/\/www.ggs-walheim.de\/index.php\/der-foerderverein\/"]}]},{"@type":"ImageObject","inLanguage":"de","@id":"https:\/\/www.ggs-walheim.de\/index.php\/der-foerderverein\/#primaryimage","url":"https:\/\/www.ggs-walheim.de\/wp-content\/uploads\/2020\/10\/logo_foerderverein-e1602254391562.png","contentUrl":"https:\/\/www.ggs-walheim.de\/wp-content\/uploads\/2020\/10\/logo_foerderverein-e1602254391562.png","width":500,"height":500,"caption":"Logo Verein der Freunde und F\u00f6rderer der GGS Walheim e.V."},{"@type":"BreadcrumbList","@id":"https:\/\/www.ggs-walheim.de\/index.php\/der-foerderverein\/#breadcrumb","itemListElement":[{"@type":"ListItem","position":1,"name":"Startseite","item":"https:\/\/www.ggs-walheim.de\/"},{"@type":"ListItem","position":2,"name":"Der F\u00f6rderverein"}]},{"@type":"WebSite","@id":"https:\/\/www.ggs-walheim.de\/#website","url":"https:\/\/www.ggs-walheim.de\/","name":"GGS Walheim","description":"Zu Hause im Aachener S\u00fcden","publisher":{"@id":"https:\/\/www.ggs-walheim.de\/#organization"},"potentialAction":[{"@type":"SearchAction","target":{"@type":"EntryPoint","urlTemplate":"https:\/\/www.ggs-walheim.de\/?s={search_term_string}"},"query-input":{"@type":"PropertyValueSpecification","valueRequired":true,"valueName":"search_term_string"}}],"inLanguage":"de"},{"@type":"Organization","@id":"https:\/\/www.ggs-walheim.de\/#organization","name":"St\u00e4dtische Gemeinschaftsgrundschule Walheim","url":"https:\/\/www.ggs-walheim.de\/","logo":{"@type":"ImageObject","inLanguage":"de","@id":"https:\/\/www.ggs-walheim.de\/#\/schema\/logo\/image\/","url":"https:\/\/www.ggs-walheim.de\/wp-content\/uploads\/2020\/10\/logo-ggs.png","contentUrl":"https:\/\/www.ggs-walheim.de\/wp-content\/uploads\/2020\/10\/logo-ggs.png","width":1363,"height":1363,"caption":"St\u00e4dtische Gemeinschaftsgrundschule Walheim"},"image":{"@id":"https:\/\/www.ggs-walheim.de\/#\/schema\/logo\/image\/"}}]}},"_links":{"self":[{"href":"https:\/\/www.ggs-walheim.de\/index.php\/wp-json\/wp\/v2\/pages\/26","targetHints":{"allow":["GET"]}}],"collection":[{"href":"https:\/\/www.ggs-walheim.de\/index.php\/wp-json\/wp\/v2\/pages"}],"about":[{"href":"https:\/\/www.ggs-walheim.de\/index.php\/wp-json\/wp\/v2\/types\/page"}],"author":[{"embeddable":true,"href":"https:\/\/www.ggs-walheim.de\/index.php\/wp-json\/wp\/v2\/users\/1"}],"replies":[{"embeddable":true,"href":"https:\/\/www.ggs-walheim.de\/index.php\/wp-json\/wp\/v2\/comments?post=26"}],"version-history":[{"count":31,"href":"https:\/\/www.ggs-walheim.de\/index.php\/wp-json\/wp\/v2\/pages\/26\/revisions"}],"predecessor-version":[{"id":3032,"href":"https:\/\/www.ggs-walheim.de\/index.php\/wp-json\/wp\/v2\/pages\/26\/revisions\/3032"}],"wp:attachment":[{"href":"https:\/\/www.ggs-walheim.de\/index.php\/wp-json\/wp\/v2\/media?parent=26"}],"curies":[{"name":"wp","href":"https:\/\/api.w.org\/{rel}","templated":true}]}}